{"id":13218,"date":"2018-03-04T19:13:33","date_gmt":"2018-03-04T18:13:33","guid":{"rendered":"https:\/\/fruehwald.hr\/news\/"},"modified":"2023-05-04T11:54:01","modified_gmt":"2023-05-04T09:54:01","slug":"news","status":"publish","type":"page","link":"https:\/\/fruehwald.hr\/en\/news\/","title":{"rendered":"News"},"content":{"rendered":"<ul class=\"post-list\">\n\t        <li>\n            <div>\n                <aside class=\"left\">\n                    <div class=\"image\" style=\"background-image: url(https:\/\/fruehwald.hr\/wp-content\/uploads\/sites\/6\/2023\/02\/katalog.png)\"><\/div>\n                <\/aside>\n                <div class=\"content\">\n                    <div class=\"inner\">\n                        <small style=\"margin-top: 15px; display: inline-block\">23. February 2023<\/small>\n                        <a href=\"https:\/\/fruehwald.hr\/2023\/02\/23\/novi-katalog-2022-23-2\/\" style=\"padding-top: 0\">\n                            <h2>Novi katalog 2023\/24<\/h2>\n                        <\/a>\n                        <div class=\"excerpt\">S ponosom predstavljamo na\u0161 novi katalog 2023\/24 ! Na\u0161a vizija: Fr\u00fchwald kao prvi izbor u Premium proizvodima https:\/\/fruehwald.hr\/katalozi\/ https:\/\/www.facebook.com\/photo\/?fbid=663998609059973&amp;set=a.405771094882727 Oplo\u010dnici i plo\u010de su klju\u010dni elementi u ure\u0111enju vanjskih prostora. Oni ne samo da pru\u017eaju estetsku vrijednost, ve\u0107 i pove\u0107avaju funkcionalnost prostora. Izra\u0111eni od visokokvalitetnog betona, oplo\u010dnici i plo\u010de su izdr\u017eljivi, otporni na habanje i vremenske [&hellip;]<\/div>\n                    <\/div>\n                <\/div>\n            <\/div>\n        <\/li>\n\t        <li>\n            <div>\n                <aside class=\"left\">\n                    <div class=\"image\" style=\"background-image: url(https:\/\/fruehwald.hr\/wp-content\/uploads\/sites\/6\/2022\/10\/Opendays_Header2.jpg)\"><\/div>\n                <\/aside>\n                <div class=\"content\">\n                    <div class=\"inner\">\n                        <small style=\"margin-top: 15px; display: inline-block\">27. October 2022<\/small>\n                        <a href=\"https:\/\/fruehwald.hr\/2022\/10\/27\/danu-otvorenih-vrata\/\" style=\"padding-top: 0\">\n                            <h2>Dan otvorenih vrata Sv. Vid<\/h2>\n                        <\/a>\n                        <div class=\"excerpt\">Sudjelovali smo na Danu otvorenih vrata 21.10.2022.<\/div>\n                    <\/div>\n                <\/div>\n            <\/div>\n        <\/li>\n\t        <li>\n            <div>\n                <aside class=\"left\">\n                    <div class=\"image\" style=\"background-image: url(https:\/\/fruehwald.hr\/wp-content\/uploads\/sites\/6\/2022\/11\/311477642_561236056002896_7364185712598957223_n.jpg)\"><\/div>\n                <\/aside>\n                <div class=\"content\">\n                    <div class=\"inner\">\n                        <small style=\"margin-top: 15px; display: inline-block\">20. October 2022<\/small>\n                        <a href=\"https:\/\/fruehwald.hr\/2022\/10\/20\/izlozbeni-vrt-kod-zaobilaznica-d-o-o\/\" style=\"padding-top: 0\">\n                            <h2>Izlo\u017ebeni vrt kod &#8211; Zaobilaznica d.o.o.<\/h2>\n                        <\/a>\n                        <div class=\"excerpt\">Zavr\u0161avamo izlo\u017ebeni vrt kod na\u0161eg partner tvrtke \u201cZaobilaznica d.o.o.\u201d u gradu Imotskom.<\/div>\n                    <\/div>\n                <\/div>\n            <\/div>\n        <\/li>\n\t        <li>\n            <div>\n                <aside class=\"left\">\n                    <div class=\"image\" style=\"background-image: url(https:\/\/fruehwald.hr\/wp-content\/uploads\/sites\/6\/2022\/04\/robot_dicmo_header.jpg)\"><\/div>\n                <\/aside>\n                <div class=\"content\">\n                    <div class=\"inner\">\n                        <small style=\"margin-top: 15px; display: inline-block\">14. April 2022<\/small>\n                        <a href=\"https:\/\/fruehwald.hr\/2022\/04\/14\/novi-robot\/\" style=\"padding-top: 0\">\n                            <h2>Dicmo &#8211; novi robot<\/h2>\n                        <\/a>\n                        <div class=\"excerpt\">Ponosno predstavljamo novi robot FANUC M900iB-700 koji omogu\u0107ava br\u017ee pakiranje a time i br\u017eu proizvodnju. Novi robot tako\u0111er pru\u017ea lak\u0161e i sigurnije pakiranje zbog ve\u0107e nosivosti i donosi pobolj\u0161anje u cjelokupnom procesu proizvodnje. Robot FANUC M900iB-700 je impresivan industrijski robot koji pru\u017ea vrhunsku performansu i preciznost u automatskoj proizvodnji. Ovaj napredni robot iz FANUC-ove M-serije [&hellip;]<\/div>\n                    <\/div>\n                <\/div>\n            <\/div>\n        <\/li>\n\t        <li>\n            <div>\n                <aside class=\"left\">\n                    <div class=\"image\" style=\"background-image: url(https:\/\/fruehwald.hr\/wp-content\/uploads\/sites\/6\/2022\/11\/273225540_5198751693500960_7662596555657799443_n.jpg)\"><\/div>\n                <\/aside>\n                <div class=\"content\">\n                    <div class=\"inner\">\n                        <small style=\"margin-top: 15px; display: inline-block\">4. February 2022<\/small>\n                        <a href=\"https:\/\/fruehwald.hr\/2022\/02\/04\/novi-katalog-2022-23\/\" style=\"padding-top: 0\">\n                            <h2>Novi Katalog 2022\/23<\/h2>\n                        <\/a>\n                        <div class=\"excerpt\">Stigao je na\u0161 novi katalog 2022\/23! Prona\u0111ite sve najnovije trendove i inspirirajte se za ure\u0111enje va\u0161e oku\u0107nice! Oplo\u010dnici i plo\u010de su klju\u010dni elementi u ure\u0111enju vanjskih prostora. Oni ne samo da pru\u017eaju estetsku vrijednost, ve\u0107 i pove\u0107avaju funkcionalnost prostora. Izra\u0111eni od visokokvalitetnog betona, oplo\u010dnici i plo\u010de su izdr\u017eljivi, otporni na habanje i vremenske uvjete. Dostupni [&hellip;]<\/div>\n                    <\/div>\n                <\/div>\n            <\/div>\n        <\/li>\n\t        <li>\n            <div>\n                <aside class=\"left\">\n                    <div class=\"image\" style=\"background-image: url(https:\/\/fruehwald.hr\/wp-content\/uploads\/sites\/6\/2022\/11\/Veteranski-centar-sinj.jpg)\"><\/div>\n                <\/aside>\n                <div class=\"content\">\n                    <div class=\"inner\">\n                        <small style=\"margin-top: 15px; display: inline-block\">9. November 2021<\/small>\n                        <a href=\"https:\/\/fruehwald.hr\/2021\/11\/09\/veteranski-centar-sinj-i-fruhwald-kocka\/\" style=\"padding-top: 0\">\n                            <h2>izgradnja Veteranskog centra Sinj i Fr\u00fchwald kocka<\/h2>\n                        <\/a>\n                        <div class=\"excerpt\">Ponosni smo \u0161to smo dio ovako velikog projekta kao \u0161to je izgradnja Veteranskog centra u Sinju.<\/div>\n                    <\/div>\n                <\/div>\n            <\/div>\n        <\/li>\n\t        <li>\n            <div>\n                <aside class=\"left\">\n                    <div class=\"image\" style=\"background-image: url(https:\/\/fruehwald.hr\/wp-content\/uploads\/sites\/6\/2022\/11\/Nagradni-natjecaj-naslovna-1536x369-1.jpg)\"><\/div>\n                <\/aside>\n                <div class=\"content\">\n                    <div class=\"inner\">\n                        <small style=\"margin-top: 15px; display: inline-block\">21. June 2021<\/small>\n                        <a href=\"https:\/\/fruehwald.hr\/2021\/06\/21\/nagradni-natjecaj-fruhwald-ljeto\/\" style=\"padding-top: 0\">\n                            <h2>Nagradni natje\u010daj &#8220;Fr\u00fchwald ljeto&#8221;<\/h2>\n                        <\/a>\n                        <div class=\"excerpt\">Ostavite komentar kako, gdje, s kim \u0107ete iskoristiti Fr\u00fchwald suncobran ovog ljeta i osvojte Fr\u00fchwald ljetni paket!<\/div>\n                    <\/div>\n                <\/div>\n            <\/div>\n        <\/li>\n\t        <li>\n            <div>\n                <aside class=\"left\">\n                    <div class=\"image\" style=\"background-image: url(https:\/\/fruehwald.hr\/wp-content\/uploads\/sites\/6\/2022\/11\/Garden-creator-upute-1440x540-1.jpg)\"><\/div>\n                <\/aside>\n                <div class=\"content\">\n                    <div class=\"inner\">\n                        <small style=\"margin-top: 15px; display: inline-block\">4. June 2021<\/small>\n                        <a href=\"https:\/\/fruehwald.hr\/2021\/06\/04\/garden-creator-osmislite-izgled-svoje-okucnice\/\" style=\"padding-top: 0\">\n                            <h2>Garden creator &#8211; osmislite izgled svoje oku\u0107nice<\/h2>\n                        <\/a>\n                        <div class=\"excerpt\">\u017delite vidjeti kako bi va\u0161a terasa, prilaz, staza, dvori\u0161te ili parking izgledali poplo\u010dani nekim oplo\u010dnikom ili plo\u010dom? Od sada je to jako jednostavno!<\/div>\n                    <\/div>\n                <\/div>\n            <\/div>\n        <\/li>\n\t        <li>\n            <div>\n                <aside class=\"left\">\n                    <div class=\"image\" style=\"background-image: url(https:\/\/fruehwald.hr\/wp-content\/uploads\/sites\/6\/2022\/10\/Salona_Pastelna_Image-TmB.jpg)\"><\/div>\n                <\/aside>\n                <div class=\"content\">\n                    <div class=\"inner\">\n                        <small style=\"margin-top: 15px; display: inline-block\">22. April 2021<\/small>\n                        <a href=\"https:\/\/fruehwald.hr\/2021\/04\/22\/novi-proizvodi-2021\/\" style=\"padding-top: 0\">\n                            <h2>Novi proizvodi 2021.<\/h2>\n                        <\/a>\n                        <div class=\"excerpt\">Pravi je trenutak da odaberete betonske plo\u010de ili oplo\u010dnike za svoje dvori\u0161te, prilaz, stazu ili vrt! Predstavljamo vam stoga novitete u na\u0161em proizvodnom asortimanu za 2021. godinu.<\/div>\n                    <\/div>\n                <\/div>\n            <\/div>\n        <\/li>\n\t        <li>\n            <div>\n                <aside class=\"left\">\n                    <div class=\"image\" style=\"background-image: url(https:\/\/fruehwald.hr\/wp-content\/uploads\/sites\/6\/2022\/11\/Akcijski-letak-novosti-1-1536x623-1.jpg)\"><\/div>\n                <\/aside>\n                <div class=\"content\">\n                    <div class=\"inner\">\n                        <small style=\"margin-top: 15px; display: inline-block\">1. April 2021<\/small>\n                        <a href=\"https:\/\/fruehwald.hr\/2021\/04\/01\/proljetna-akcija\/\" style=\"padding-top: 0\">\n                            <h2>Proljetna akcija<\/h2>\n                        <\/a>\n                        <div class=\"excerpt\">Pravo je vrijeme za ure\u0111enje oku\u0107nica. Dolaskom toplijih vremena pripremili smo za vas vrhunske proizvode po povoljnim cijenama.<\/div>\n                    <\/div>\n                <\/div>\n            <\/div>\n        <\/li>\n\t        <li>\n            <div>\n                <aside class=\"left\">\n                    <div class=\"image\" style=\"background-image: url(https:\/\/fruehwald.hr\/wp-content\/uploads\/sites\/6\/2022\/11\/infrastruktura-objava-2-1200x1080-1.jpg)\"><\/div>\n                <\/aside>\n                <div class=\"content\">\n                    <div class=\"inner\">\n                        <small style=\"margin-top: 15px; display: inline-block\">26. October 2020<\/small>\n                        <a href=\"https:\/\/fruehwald.hr\/2020\/10\/26\/ribarska-luka-brizine-i-fruhwald-proizvodi\/\" style=\"padding-top: 0\">\n                            <h2>Ribarska luka Bri\u017eine i Fr\u00fchwald proizvodi<\/h2>\n                        <\/a>\n                        <div class=\"excerpt\">Projekt ribarska luka Bri\u017eine zapo\u010deo je u rujnu 2019. godine.<\/div>\n                    <\/div>\n                <\/div>\n            <\/div>\n        <\/li>\n\t        <li>\n            <div>\n                <aside class=\"left\">\n                    <div class=\"image\" style=\"background-image: url(https:\/\/fruehwald.hr\/wp-content\/uploads\/sites\/6\/2022\/11\/druga-klasa-akcija-jesen-1536x588-1.jpg)\"><\/div>\n                <\/aside>\n                <div class=\"content\">\n                    <div class=\"inner\">\n                        <small style=\"margin-top: 15px; display: inline-block\">15. September 2020<\/small>\n                        <a href=\"https:\/\/fruehwald.hr\/2020\/09\/15\/velika-jesenska-akcija-druge-klase\/\" style=\"padding-top: 0\">\n                            <h2>Velika jesenska akcija druge klase<\/h2>\n                        <\/a>\n                        <div class=\"excerpt\">Od utorka 15.9.2020. kre\u0107e na\u0161a jesenska akcija druge klase. <\/div>\n                    <\/div>\n                <\/div>\n            <\/div>\n        <\/li>\n\t        <li>\n            <div>\n                <aside class=\"left\">\n                    <div class=\"image\" style=\"background-image: url(https:\/\/fruehwald.hr\/wp-content\/uploads\/sites\/6\/2022\/11\/izlozbeni-vrt-medic-3-1440x540-1.jpg)\"><\/div>\n                <\/aside>\n                <div class=\"content\">\n                    <div class=\"inner\">\n                        <small style=\"margin-top: 15px; display: inline-block\">14. July 2020<\/small>\n                        <a href=\"https:\/\/fruehwald.hr\/2020\/07\/14\/izlozbeni-vrt-u-zadru-kozino\/\" style=\"padding-top: 0\">\n                            <h2>Izlo\u017ebeni vrt u Zadru, Ko\u017eino<\/h2>\n                        <\/a>\n                        <div class=\"excerpt\">Nakon vi\u0161egodi\u0161nje uspje\u0161ne suradnje s na\u0161im partnerom Medi\u0107 d.o.o. iz Ko\u017eina, s ponosom najavljujemo izlo\u017ebeni vrt Fr\u00fchwald proizvoda. Veselimo se na\u0161em prvom izlo\u017ebenom vrtu na zadarskom podru\u010dju.<\/div>\n                    <\/div>\n                <\/div>\n            <\/div>\n        <\/li>\n\t        <li>\n            <div>\n                <aside class=\"left\">\n                    <div class=\"image\" style=\"background-image: url(https:\/\/fruehwald.hr\/wp-content\/uploads\/sites\/6\/2022\/10\/Terano_image_cappuccino-5-1.jpg)\"><\/div>\n                <\/aside>\n                <div class=\"content\">\n                    <div class=\"inner\">\n                        <small style=\"margin-top: 15px; display: inline-block\">3. July 2020<\/small>\n                        <a href=\"https:\/\/fruehwald.hr\/2020\/07\/03\/novi-proizvodi-2020\/\" style=\"padding-top: 0\">\n                            <h2>Upoznajte nove proizvode 2020<\/h2>\n                        <\/a>\n                        <div class=\"excerpt\">Inovacije i dinami\u010dan tim na\u0161i su faktori uspjeha ve\u0107 90 godina. <\/div>\n                    <\/div>\n                <\/div>\n            <\/div>\n        <\/li>\n\t        <li>\n            <div>\n                <aside class=\"left\">\n                    <div class=\"image\" style=\"background-image: url(https:\/\/fruehwald.hr\/wp-content\/uploads\/sites\/6\/2022\/11\/proizvodni-pogon-dicmo-1536x363-1.jpg)\"><\/div>\n                <\/aside>\n                <div class=\"content\">\n                    <div class=\"inner\">\n                        <small style=\"margin-top: 15px; display: inline-block\">2. July 2020<\/small>\n                        <a href=\"https:\/\/fruehwald.hr\/2020\/07\/02\/celnici-hgk-zupanijske-komore-split-u-posjeti-proizvodnom-pogonu-fruhwalda\/\" style=\"padding-top: 0\">\n                            <h2>\u010celnici HGK &#8211; \u017dupanijske komore Split u posjeti proizvodnom pogonu Fr\u00fchwalda<\/h2>\n                        <\/a>\n                        <div class=\"excerpt\">Sastanak u proizvodnom pogonu u Dicmu, Split Dana 25.6.2020. smo imali \u010dast ugostiti \u010delne ljude HGK \u2013 \u017dupanijske komore Split u na\u0161em proizvodnom pogonu u Dicmu. Predsjednika \u017dupanijske komore gospodina Jozu Toma\u0161a i direktoricu \u017dupanijske komore Vesnu Friedl primila je direktorica Fr\u00fchwald d.o.o. Anita Brali\u0107. G\u0111a Brali\u0107 i njezini suradnici upoznali su na\u0161e uva\u017eene goste [&hellip;]<\/div>\n                    <\/div>\n                <\/div>\n            <\/div>\n        <\/li>\n\t        <li>\n            <div>\n                <aside class=\"left\">\n                    <div class=\"image\" style=\"background-image: url(https:\/\/fruehwald.hr\/wp-content\/uploads\/sites\/6\/2022\/11\/akcija-druga-klasa-slika-2-1536x401-1.jpg)\"><\/div>\n                <\/aside>\n                <div class=\"content\">\n                    <div class=\"inner\">\n                        <small style=\"margin-top: 15px; display: inline-block\">24. April 2020<\/small>\n                        <a href=\"https:\/\/fruehwald.hr\/2020\/04\/24\/akcija-sva-kocka-druge-klase-u-pola-cijene\/\" style=\"padding-top: 0\">\n                            <h2>AKCIJA! Sva kocka druge klase u pola cijene!<\/h2>\n                        <\/a>\n                        <div class=\"excerpt\">Po\u010delo je na\u0161e proljetno \u010di\u0161\u0107enje skladi\u0161ta. Posjetite nas i izaberite drugu klasu kocke u pola cijene!<\/div>\n                    <\/div>\n                <\/div>\n            <\/div>\n        <\/li>\n\t        <li>\n            <div>\n                <aside class=\"left\">\n                    <div class=\"image\" style=\"background-image: url(https:\/\/fruehwald.hr\/wp-content\/uploads\/sites\/6\/2020\/06\/Tiziano-Pflaster-anthrazit-grau-3000x2000px-26-scaled.jpg)\"><\/div>\n                <\/aside>\n                <div class=\"content\">\n                    <div class=\"inner\">\n                        <small style=\"margin-top: 15px; display: inline-block\">18. March 2020<\/small>\n                        <a href=\"https:\/\/fruehwald.hr\/2020\/03\/18\/promocija-premium-ploca-i-oplocnika\/\" style=\"padding-top: 0\">\n                            <h2>Promocija Premium plo\u010da i oplo\u010dnika<\/h2>\n                        <\/a>\n                        <div class=\"excerpt\">Provjerite na\u0161u promo ponudu online i potra\u017eite na\u0161e proizvode kod trgovca partnera u Va\u0161em gradu.<\/div>\n                    <\/div>\n                <\/div>\n            <\/div>\n        <\/li>\n\t        <li>\n            <div>\n                <aside class=\"left\">\n                    <div class=\"image\" style=\"background-image: url(https:\/\/fruehwald.hr\/wp-content\/uploads\/sites\/6\/2022\/11\/Novosti_novi_katalog-1-1920x1080-1.jpg)\"><\/div>\n                <\/aside>\n                <div class=\"content\">\n                    <div class=\"inner\">\n                        <small style=\"margin-top: 15px; display: inline-block\">13. February 2020<\/small>\n                        <a href=\"https:\/\/fruehwald.hr\/2020\/02\/13\/novi-katalog-oplocnici-i-ploce-premium-selection\/\" style=\"padding-top: 0\">\n                            <h2>Novi katalog oplo\u010dnici i plo\u010de &#8211; Premium selection<\/h2>\n                        <\/a>\n                        <div class=\"excerpt\">Pogledajte na\u0161 novi slavljeni\u010dki katalog 2020.\/ 21.<\/div>\n                    <\/div>\n                <\/div>\n            <\/div>\n        <\/li>\n\t        <li>\n            <div>\n                <aside class=\"left\">\n                    <div class=\"image\" style=\"background-image: url(https:\/\/fruehwald.hr\/wp-content\/uploads\/sites\/6\/2022\/11\/fruehwald1-e1585921483532-1440x540-1.jpg)\"><\/div>\n                <\/aside>\n                <div class=\"content\">\n                    <div class=\"inner\">\n                        <small style=\"margin-top: 15px; display: inline-block\">7. May 2019<\/small>\n                        <a href=\"https:\/\/fruehwald.hr\/2019\/05\/07\/dio-dalmacije-izlozbeni-vrt\/\" style=\"padding-top: 0\">\n                            <h2>Dio Dalmacije &#8211; izlo\u017ebeni vrt<\/h2>\n                        <\/a>\n                        <div class=\"excerpt\">Posjetite na\u0161u poslovnicu u Dicmu i provjerite na\u0161 asortiman u novom izlo\u017ebenom vrtu!<\/div>\n                    <\/div>\n                <\/div>\n            <\/div>\n        <\/li>\n\t        <li>\n            <div>\n                <aside class=\"left\">\n                    <div class=\"image\" style=\"background-image: url(https:\/\/fruehwald.hr\/wp-content\/uploads\/sites\/6\/2022\/11\/fruehwald6-1440x540-1.jpg)\"><\/div>\n                <\/aside>\n                <div class=\"content\">\n                    <div class=\"inner\">\n                        <small style=\"margin-top: 15px; display: inline-block\">7. May 2019<\/small>\n                        <a href=\"https:\/\/fruehwald.hr\/2019\/05\/07\/svecano-otvaranje-proizvodnog-pogona-betonske-galanterije-fruhwald\/\" style=\"padding-top: 0\">\n                            <h2>Sve\u010dano otvaranje proizvodnog pogona betonske galanterije Fr\u00fchwald<\/h2>\n                        <\/a>\n                        <div class=\"excerpt\">Sve\u010danom otvaranju proizvodnog pogona tvrtke \u201eFr\u00fchwald\u201c, odr\u017eanog u Dicmu 25.4.2019, pridru\u017eili su se mnobrojni gosti.<\/div>\n                    <\/div>\n                <\/div>\n            <\/div>\n        <\/li>\n\t        <li>\n            <div>\n                <aside class=\"left\">\n                    <div class=\"image\" style=\"background-image: url(https:\/\/fruehwald.hr\/wp-content\/uploads\/sites\/6\/2022\/11\/saso1-e1587731429817.jpg)\"><\/div>\n                <\/aside>\n                <div class=\"content\">\n                    <div class=\"inner\">\n                        <small style=\"margin-top: 15px; display: inline-block\">31. October 2018<\/small>\n                        <a href=\"https:\/\/fruehwald.hr\/2018\/10\/31\/fruhwald-sudjelovanje-na-saso-sajmu-2018\/\" style=\"padding-top: 0\">\n                            <h2>Fr\u00fchwald sudjelovanje na SASO sajmu 2018<\/h2>\n                        <\/a>\n                        <div class=\"excerpt\">Sudjelovanjem na sajmu cilj nam je bio predstaviti nove PREMIUM proizvode i upoznati ljude sa pobolj\u0161anjima koje smo napravili u posljednjih godinu dana. S ponosom mo\u017eemo re\u0107i, da smo to i postigli. <\/div>\n                    <\/div>\n                <\/div>\n            <\/div>\n        <\/li>\n\t        <li>\n            <div>\n                <aside class=\"left\">\n                    <div class=\"image\" style=\"background-image: url(https:\/\/fruehwald.hr\/wp-content\/uploads\/sites\/6\/2022\/11\/Unknown_NEU-e1587731471623.jpg)\"><\/div>\n                <\/aside>\n                <div class=\"content\">\n                    <div class=\"inner\">\n                        <small style=\"margin-top: 15px; display: inline-block\">15. October 2018<\/small>\n                        <a href=\"https:\/\/fruehwald.hr\/2018\/10\/15\/prodajni-predstavnici_fruhwald\/\" style=\"padding-top: 0\">\n                            <h2>Fr\u00fchwald Prodajni predstavnici<\/h2>\n                        <\/a>\n                        <div class=\"excerpt\">Poja\u010dane radne snage prodaje!<\/div>\n                    <\/div>\n                <\/div>\n            <\/div>\n        <\/li>\n\t        <li>\n            <div>\n                <aside class=\"left\">\n                    <div class=\"image\" style=\"background-image: url(https:\/\/fruehwald.hr\/wp-content\/uploads\/sites\/6\/2022\/11\/saso6-e1587731183130.jpg)\"><\/div>\n                <\/aside>\n                <div class=\"content\">\n                    <div class=\"inner\">\n                        <small style=\"margin-top: 15px; display: inline-block\">15. October 2018<\/small>\n                        <a href=\"https:\/\/fruehwald.hr\/2018\/10\/15\/fruhwald-na-sajmu-saso-2018\/\" style=\"padding-top: 0\">\n                            <h2>Fr\u00fchwald na sajmu SASO 2018<\/h2>\n                        <\/a>\n                        <div class=\"excerpt\">Sajam SASO 2018, kao tradicionalno najzna\u010dajniji gospodarski skup u regiji okuplja izlaga\u010de iz nekoliko europskih zemalja \u2013 10 specijaliziranih sajmova\/ 4 stru\u010dne konferencije\/ vi\u0161e od 100 izlaga\u010da iz zemlje i inozemstva\/ preko 20 godina tradicije<\/div>\n                    <\/div>\n                <\/div>\n            <\/div>\n        <\/li>\n\t        <li>\n            <div>\n                <aside class=\"left\">\n                    <div class=\"image\" style=\"background-image: url(https:\/\/fruehwald.hr\/wp-content\/uploads\/sites\/6\/2022\/11\/DAN-OTVORENIH-VRATA.jpg)\"><\/div>\n                <\/aside>\n                <div class=\"content\">\n                    <div class=\"inner\">\n                        <small style=\"margin-top: 15px; display: inline-block\">20. June 2018<\/small>\n                        <a href=\"https:\/\/fruehwald.hr\/2018\/06\/20\/dan-otvorenih-vrata\/\" style=\"padding-top: 0\">\n                            <h2>Dan otvorenih vrata<\/h2>\n                        <\/a>\n                        <div class=\"excerpt\">Pro\u010ditajte vi\u0161e o organiziranom &#8220;Danu otvorenih vrata&#8221;. Pridru\u017eite nam se dogodine!<\/div>\n                    <\/div>\n                <\/div>\n            <\/div>\n        <\/li>\n\t<\/ul>\n","protected":false},"excerpt":{"rendered":"","protected":false},"author":1,"featured_media":0,"parent":0,"menu_order":36,"comment_status":"closed","ping_status":"closed","template":"","meta":{"inline_featured_image":false},"yoast_head":"<!-- This site is optimized with the Yoast SEO plugin v18.8 - https:\/\/yoast.com\/wordpress\/plugins\/seo\/ -->\n<title>News - Fr\u00fchwald HR<\/title>\n<meta name=\"robots\" content=\"index, follow, max-snippet:-1, max-image-preview:large, max-video-preview:-1\" \/>\n<link rel=\"canonical\" href=\"https:\/\/fruehwald.hr\/en\/news\/\" \/>\n<meta property=\"og:locale\" content=\"en_US\" \/>\n<meta property=\"og:type\" content=\"article\" \/>\n<meta property=\"og:title\" content=\"News - Fr\u00fchwald HR\" \/>\n<meta property=\"og:url\" content=\"https:\/\/fruehwald.hr\/en\/news\/\" \/>\n<meta property=\"og:site_name\" content=\"Fr\u00fchwald HR\" \/>\n<meta property=\"article:modified_time\" content=\"2023-05-04T09:54:01+00:00\" \/>\n<meta name=\"twitter:card\" content=\"summary_large_image\" \/>\n<script type=\"application\/ld+json\" class=\"yoast-schema-graph\">{\"@context\":\"https:\/\/schema.org\",\"@graph\":[{\"@type\":\"WebSite\",\"@id\":\"https:\/\/fruehwald.hr\/#website\",\"url\":\"https:\/\/fruehwald.hr\/\",\"name\":\"Fr\u00fchwald HR\",\"description\":\"\",\"potentialAction\":[{\"@type\":\"SearchAction\",\"target\":{\"@type\":\"EntryPoint\",\"urlTemplate\":\"https:\/\/fruehwald.hr\/?s={search_term_string}\"},\"query-input\":\"required name=search_term_string\"}],\"inLanguage\":\"en-US\"},{\"@type\":\"WebPage\",\"@id\":\"https:\/\/fruehwald.hr\/en\/news\/#webpage\",\"url\":\"https:\/\/fruehwald.hr\/en\/news\/\",\"name\":\"News - Fr\u00fchwald HR\",\"isPartOf\":{\"@id\":\"https:\/\/fruehwald.hr\/#website\"},\"datePublished\":\"2018-03-04T18:13:33+00:00\",\"dateModified\":\"2023-05-04T09:54:01+00:00\",\"breadcrumb\":{\"@id\":\"https:\/\/fruehwald.hr\/en\/news\/#breadcrumb\"},\"inLanguage\":\"en-US\",\"potentialAction\":[{\"@type\":\"ReadAction\",\"target\":[\"https:\/\/fruehwald.hr\/en\/news\/\"]}]},{\"@type\":\"BreadcrumbList\",\"@id\":\"https:\/\/fruehwald.hr\/en\/news\/#breadcrumb\",\"itemListElement\":[{\"@type\":\"ListItem\",\"position\":1,\"name\":\"News\"}]}]}<\/script>\n<!-- \/ Yoast SEO plugin. -->","yoast_head_json":{"title":"News - Fr\u00fchwald HR","robots":{"index":"index","follow":"follow","max-snippet":"max-snippet:-1","max-image-preview":"max-image-preview:large","max-video-preview":"max-video-preview:-1"},"canonical":"https:\/\/fruehwald.hr\/en\/news\/","og_locale":"en_US","og_type":"article","og_title":"News - Fr\u00fchwald HR","og_url":"https:\/\/fruehwald.hr\/en\/news\/","og_site_name":"Fr\u00fchwald HR","article_modified_time":"2023-05-04T09:54:01+00:00","twitter_card":"summary_large_image","schema":{"@context":"https:\/\/schema.org","@graph":[{"@type":"WebSite","@id":"https:\/\/fruehwald.hr\/#website","url":"https:\/\/fruehwald.hr\/","name":"Fr\u00fchwald HR","description":"","potentialAction":[{"@type":"SearchAction","target":{"@type":"EntryPoint","urlTemplate":"https:\/\/fruehwald.hr\/?s={search_term_string}"},"query-input":"required name=search_term_string"}],"inLanguage":"en-US"},{"@type":"WebPage","@id":"https:\/\/fruehwald.hr\/en\/news\/#webpage","url":"https:\/\/fruehwald.hr\/en\/news\/","name":"News - Fr\u00fchwald HR","isPartOf":{"@id":"https:\/\/fruehwald.hr\/#website"},"datePublished":"2018-03-04T18:13:33+00:00","dateModified":"2023-05-04T09:54:01+00:00","breadcrumb":{"@id":"https:\/\/fruehwald.hr\/en\/news\/#breadcrumb"},"inLanguage":"en-US","potentialAction":[{"@type":"ReadAction","target":["https:\/\/fruehwald.hr\/en\/news\/"]}]},{"@type":"BreadcrumbList","@id":"https:\/\/fruehwald.hr\/en\/news\/#breadcrumb","itemListElement":[{"@type":"ListItem","position":1,"name":"News"}]}]}},"acf":[],"_links":{"self":[{"href":"https:\/\/fruehwald.hr\/en\/wp-json\/wp\/v2\/pages\/13218"}],"collection":[{"href":"https:\/\/fruehwald.hr\/en\/wp-json\/wp\/v2\/pages"}],"about":[{"href":"https:\/\/fruehwald.hr\/en\/wp-json\/wp\/v2\/types\/page"}],"author":[{"embeddable":true,"href":"https:\/\/fruehwald.hr\/en\/wp-json\/wp\/v2\/users\/1"}],"replies":[{"embeddable":true,"href":"https:\/\/fruehwald.hr\/en\/wp-json\/wp\/v2\/comments?post=13218"}],"version-history":[{"count":1,"href":"https:\/\/fruehwald.hr\/en\/wp-json\/wp\/v2\/pages\/13218\/revisions"}],"predecessor-version":[{"id":13220,"href":"https:\/\/fruehwald.hr\/en\/wp-json\/wp\/v2\/pages\/13218\/revisions\/13220"}],"wp:attachment":[{"href":"https:\/\/fruehwald.hr\/en\/wp-json\/wp\/v2\/media?parent=13218"}],"curies":[{"name":"wp","href":"https:\/\/api.w.org\/{rel}","templated":true}]}}